{"id":1814,"date":"2019-06-13T10:14:31","date_gmt":"2019-06-13T10:14:31","guid":{"rendered":"http:\/\/businesscenters.cat\/?page_id=1814"},"modified":"2021-03-22T10:54:05","modified_gmt":"2021-03-22T09:54:05","slug":"politica-de-privacitat","status":"publish","type":"page","link":"https:\/\/businesscenters.cat\/ca\/politica-de-privacitat\/","title":{"rendered":"Pol\u00edtica de Privacitat"},"content":{"rendered":"\t\t<div data-elementor-type=\"wp-post\" data-elementor-id=\"1814\" class=\"elementor elementor-1814 elementor-3\" data-elementor-post-type=\"page\">\n\t\t\t\t\t\t<section class=\"elementor-section elementor-top-section elementor-element elementor-element-53915e48 elementor-section-boxed elementor-section-height-default elementor-section-height-default\" data-id=\"53915e48\" data-element_type=\"section\" data-settings=\"{&quot;background_background&quot;:&quot;classic&quot;}\">\n\t\t\t\t\t\t<div class=\"elementor-container elementor-column-gap-default\">\n\t\t\t\t\t<div class=\"elementor-column elementor-col-100 elementor-top-column elementor-element elementor-element-4d8b3b0f\" data-id=\"4d8b3b0f\" data-element_type=\"column\">\n\t\t\t<div class=\"elementor-widget-wrap elementor-element-populated\">\n\t\t\t\t\t\t<div class=\"elementor-element elementor-element-1e5e5414 elementor-widget elementor-widget-heading\" data-id=\"1e5e5414\" data-element_type=\"widget\" data-widget_type=\"heading.default\">\n\t\t\t\t<div class=\"elementor-widget-container\">\n\t\t\t\t\t<h1 class=\"elementor-heading-title elementor-size-default\">Pol\u00edtica de Privacitat<\/h1>\t\t\t\t<\/div>\n\t\t\t\t<\/div>\n\t\t\t\t\t<\/div>\n\t\t<\/div>\n\t\t\t\t\t<\/div>\n\t\t<\/section>\n\t\t\t\t<section class=\"elementor-section elementor-top-section elementor-element elementor-element-280b8523 elementor-section-boxed elementor-section-height-default elementor-section-height-default\" data-id=\"280b8523\" data-element_type=\"section\">\n\t\t\t\t\t\t<div class=\"elementor-container elementor-column-gap-default\">\n\t\t\t\t\t<div class=\"elementor-column elementor-col-100 elementor-top-column elementor-element elementor-element-7225420d\" data-id=\"7225420d\" data-element_type=\"column\">\n\t\t\t<div class=\"elementor-widget-wrap elementor-element-populated\">\n\t\t\t\t\t\t<div class=\"elementor-element elementor-element-56ca68c7 elementor-widget elementor-widget-text-editor\" data-id=\"56ca68c7\" data-element_type=\"widget\" data-widget_type=\"text-editor.default\">\n\t\t\t\t<div class=\"elementor-widget-container\">\n\t\t\t\t\t\t\t\t\t<p><b>INFORMACI\u00d3 ADDICIONAL SOBRE LA PROTECCI\u00d3 DE DADES \u2013 Pol\u00edtica DE PRIVACITAT:<\/b><\/p><p><b>RESPONSABLE: Qui \u00e9s el Responsable del tractament de les seves dades?<\/b><\/p><p><span style=\"font-weight: 400;\">Identitat: CORCEGA BUSINESS CENTER, S.L. \u2013 CIF: B62028899<\/span><\/p><p><span style=\"font-weight: 400;\">Adre\u00e7a Postal: Passeig de Gr\u00e0cia N\u00fam. 12 &#8211; 1r,08007 Barcelona<\/span> <span style=\"font-weight: 400;\">Tel\u00e8fon: 93 238 67 10 &#8211; Correu electr\u00f2nic: info@businesscenters.cat<\/span><\/p><p><span style=\"font-weight: 400;\">Identidad: CORCEGA BUSINESS CENTER, S.L. \u2013 CIF: B62028899<\/span><\/p><table><tbody><tr><td><b>Amb quina finalitat tractem les seves dades personals?<\/b><\/td><td><b>Per quant temps conservarem les seves dades?<\/b><\/td><td><b>Quina \u00e9s la legitimaci\u00f3 per al tractament de les seves dades?<\/b><\/td><td><b>A quins destinataris es comunicaran les seves dades?<\/b><\/td><td><b>Com hem obtingut les seves dades?<\/b><\/td><td><b>Quines Dades es tracten?<\/b><\/td><\/tr><tr><td><b>TRACTAMENT DADES REGISTRE JORNADA LABORAL<\/b> <span style=\"font-weight: 400;\">Gesti\u00f3 de dades dels treballadors per al control horari de la jornada laboral del personal laboral<\/span><\/td><td><span style=\"font-weight: 400;\">Les seves dades es conservaran durant 4 anys tal com estableix l&#8217;Estatut dels treballadors en el seu art. 34.9<\/span><\/td><td><span style=\"font-weight: 400;\">Obligaci\u00f3 legal. Compliment del que s&#8217;estableix en l&#8217;Estatut dels treballadors, Art. 34.9<\/span><\/td><td><span style=\"font-weight: 400;\">Representaci\u00f3 Sindical (si n\u2019hi hagu\u00e9s).<\/span> <span style=\"font-weight: 400;\">Inspecci\u00f3 de Treball.<\/span> <span style=\"font-weight: 400;\">Seguretat Social.<\/span><\/td><td><span style=\"font-weight: 400;\">El propi interessat en la seva condici\u00f3 de treballador de l&#8217;empresa.<\/span><\/td><td><span style=\"font-weight: 400;\">Dades Identificatives (Nom, Cognoms i DNI)<\/span> <span style=\"font-weight: 400;\">Altres: Hora Entrada i Hora Sortida<\/span><\/td><\/tr><tr><td><b>TRACTAMENT DADES d&#8217;EMPLEATS<\/b> <span style=\"font-weight: 400;\">Gesti\u00f3 de dades dels treballadors per a la gesti\u00f3 de la relaci\u00f3 laboral<\/span><\/td><td><span style=\"font-weight: 400;\">El termini establert per la normativa laboral<\/span><\/td><td><span style=\"font-weight: 400;\">Execuci\u00f3 d&#8217;un contracte del contracte laboral<\/span><\/td><td><span style=\"font-weight: 400;\">Gestoria laboral<\/span> <span style=\"font-weight: 400;\">M\u00fatues<\/span> <span style=\"font-weight: 400;\">Metgesses\/Laborals<\/span> <span style=\"font-weight: 400;\">Entitats asseguradores<\/span> <span style=\"font-weight: 400;\">Organismes de la Seguretat Social<\/span> <span style=\"font-weight: 400;\">Administraci\u00f3 Tribut\u00e0ria<\/span><\/td><td><span style=\"font-weight: 400;\">El propi interessat en la seva condici\u00f3 de treballador de l&#8217;empresa.<\/span><\/td><td><span style=\"font-weight: 400;\">Caracter\u00edstiques Personals (Estat Civil, Data i lloc de Naixement, Sexe, Nacionalitat)<\/span> <span style=\"font-weight: 400;\">Personal Characteristics (Marital Status, Date and Place of Birth, Sex, Nationality)<\/span> <span style=\"font-weight: 400;\">Dades acad\u00e8miques<\/span> <span style=\"font-weight: 400;\">Dades professionals<\/span> <span style=\"font-weight: 400;\">Dades banc\u00e0ries<\/span><\/td><\/tr><tr><td><b>TRACTAMENT DE DADES PROVE\u00cfDORES<\/b> <span style=\"font-weight: 400;\">Gesti\u00f3 de les dades de contacte dels prove\u00efdors per a gestions organitzatives, administratives i comptables.<\/span><\/td><td><span style=\"font-weight: 400;\">6 anys segons estableix les normatives de comer\u00e7, fiscal i tribut\u00e0ria<\/span><\/td><td><span style=\"font-weight: 400;\">Execuci\u00f3 d&#8217;un contracte o precontracte<\/span><\/td><td><span style=\"font-weight: 400;\">Administraci\u00f3 Tribut\u00e0ria<\/span> <span style=\"font-weight: 400;\">Gestories<\/span><\/td><td><span style=\"font-weight: 400;\">El propi interessat i\/o el seu representant legal<\/span><\/td><td><span style=\"font-weight: 400;\">Dades Identificatives (Nom, Cognoms)<\/span> <span style=\"font-weight: 400;\">Dades Professionals (Tel., Correu Electr\u00f2nic. Lloc de treball)<\/span><\/td><\/tr><tr><td><b>TRACTAMENT DE DADES CLIENTS POTENCIALS<\/b> <span style=\"font-weight: 400;\">Gesti\u00f3 de les dades de contacte dels potencials clients per a gestions organitzatives, administratives aix\u00ed com per a facilitar la informaci\u00f3 requerida per l&#8217;interessat (presencialment, telef\u00f2nicament o a trav\u00e9s de formulari web)<\/span><\/td><td><span style=\"font-weight: 400;\">La informaci\u00f3 es conservar\u00e0 fins que el potencial client es converteixi en clients o, en el seu cas, durant un any.<\/span><\/td><td><span style=\"font-weight: 400;\">Execuci\u00f3 d&#8217;un contracte o precontracte<\/span><\/td><td><span style=\"font-weight: 400;\">No se cediran a tercers<\/span><\/td><td><span style=\"font-weight: 400;\">El propi interessat i\/o el seu representant legal<\/span><\/td><td><span style=\"font-weight: 400;\">Dades Identificatives (Nom, Cognoms, Adre\u00e7a, Tel., Correu Electr\u00f2nic)<\/span><\/td><\/tr><tr><td><b>TRACTAMENT DE DADES CLIENTS<\/b> <span style=\"font-weight: 400;\">Gesti\u00f3 de les dades de contacte dels clients per a gestions organitzatives, administratives i per a l&#8217;emissi\u00f3 de la factura.<\/span><\/td><td><span style=\"font-weight: 400;\">6 anys segons estableix les normatives de comer\u00e7, fiscal i tribut\u00e0ria<\/span><\/td><td><span style=\"font-weight: 400;\">Execuci\u00f3 d&#8217;un contracte o precontracte<\/span><\/td><td><span style=\"font-weight: 400;\">Administraci\u00f3 Tribut\u00e0ria<\/span> <span style=\"font-weight: 400;\">Gestories<\/span> <span style=\"font-weight: 400;\">Empreses Suport Inform\u00e0tic<\/span><\/td><td><span style=\"font-weight: 400;\">El propi interessat i\/o el seu representant legal<\/span><\/td><td><span style=\"font-weight: 400;\">Dades Identificatives (Nom, Cognoms, DNI, Adre\u00e7a, Tel., Correu Electr\u00f2nic)<\/span> <span style=\"font-weight: 400;\">Dades banc\u00e0ries<\/span><\/td><\/tr><tr><td><b>TRACTAMENT DADES COMUNICACIONS COMERCIALS<\/b> <span style=\"font-weight: 400;\">Enviar publicitat relacionada amb els nostres productes i serveis per qualsevol mitj\u00e0 (postal, email o tel\u00e8fon) i convidar-li a esdeveniments organitzats per l&#8217;empresa.<\/span><\/td><td><span style=\"font-weight: 400;\">Les dades es conservaran mentre l&#8217;interessat no sol\u00b7liciti la cancel\u00b7laci\u00f3 o supressi\u00f3.<\/span><\/td><td><span style=\"font-weight: 400;\">Consentiment de l&#8217;interessat.<\/span><\/td><td><span style=\"font-weight: 400;\">No se cediran a tercers.<\/span><\/td><td><span style=\"font-weight: 400;\">El propi interessat i\/o el seu representant legal<\/span><\/td><td><span style=\"font-weight: 400;\">Dades Identificatives (Nom, Cognoms, Tel., Correu Electr\u00f2nic)<\/span><\/td><\/tr><tr><td><b>TRACTAMENT DADES XARXES SOCIALS<\/b> <span style=\"font-weight: 400;\">Gesti\u00f3 de les dades dels usuaris registrats com a seguidors de les xarxes socials de l&#8217;empreses<\/span><\/td><td><span style=\"font-weight: 400;\">Les dades es conservaran mentre l&#8217;interessat no sol\u00b7liciti la cancel\u00b7laci\u00f3 o supressi\u00f3 i deixi ser seguidor de la xarxa social<\/span><\/td><td><span style=\"font-weight: 400;\">Consentiment de l&#8217;interessat.<\/span><\/td><td><span style=\"font-weight: 400;\">No se cediran a tercers<\/span><\/td><td><span style=\"font-weight: 400;\">El propi interessat<\/span><\/td><td><span style=\"font-weight: 400;\">Dades Identificatives (Nom, Cognoms, imatge, Tel., Correu Electr\u00f2nic, adre\u00e7a)<\/span><\/td><\/tr><tr><td><b>TRACTAMENT DADES VIDEOVIGIL\u00c0NCIA SEGURETAT<\/b> <span style=\"font-weight: 400;\">Gesti\u00f3 de la visualitzaci\u00f3 de les imatges captades per les c\u00e0meres instal\u00b7lades, amb la finalitat mantenir la seguretat de les instal\u00b7lacions<\/span><\/td><td><span style=\"font-weight: 400;\">No es guarden, es tracta de visionat en temps real<\/span><\/td><td><span style=\"font-weight: 400;\">Inter\u00e8s P\u00fablic: *RGPD: 6.1.e) Tractament necessari per al compliment d&#8217;una missi\u00f3 realitzada en inter\u00e8s p\u00fablic o en l&#8217;exercici de poders p\u00fablics conferits al responsable del tractament. Llei 5\/2014, de 4 d&#8217;abril, de Seguretat Privada.<\/span><\/td><td><span style=\"font-weight: 400;\">No se cediran a tercers<\/span><\/td><td><span style=\"font-weight: 400;\">Les dades s&#8217;obtenen a trav\u00e9s del propi interessat quan accedeix a les instal\u00b7lacions de l&#8217;empresa.<\/span><\/td><td><span style=\"font-weight: 400;\">Imatges<\/span><\/td><\/tr><tr><td><b>TRACTAMENT DADES CONSULTES FORMULARI WEB<\/b> <span style=\"font-weight: 400;\">Gesti\u00f3 de les dades dels usuaris que es posin en contacte amb l&#8217;empresa a trav\u00e9s del formulari web.<\/span><\/td><td><span style=\"font-weight: 400;\">Les dades es conservaran durant el temps necessari per a la resoluci\u00f3 de la consulta plantejada.<\/span><\/td><td><span style=\"font-weight: 400;\">Consentiment de l&#8217;interessat.<\/span><\/td><td><span style=\"font-weight: 400;\">No se cediran a tercers<\/span><\/td><td><span style=\"font-weight: 400;\">El propi interessat<\/span><\/td><td><span style=\"font-weight: 400;\">Dades Identificatives (Nom, Cognoms, Tel. i Correu Electr\u00f2nic)<\/span> <span style=\"font-weight: 400;\">Dades Professionals (Empresa)<\/span><\/td><\/tr><tr><td><b>TRACTAMENT DADES ATENCI\u00d3 EXERCICI DE DRETS<\/b> <span style=\"font-weight: 400;\">Atendre les sol\u00b7licituds de les persones en l&#8217;exercici dels drets que estableix el Reglament General de Protecci\u00f3 de Dades.<\/span><\/td><td><span style=\"font-weight: 400;\">Es conservaran durant el temps necessari per a resoldre les reclamacions.<\/span><\/td><td><span style=\"font-weight: 400;\">*RGPD: 6.1.c) Tractament necessari per al compliment d&#8217;una obligaci\u00f3 legal aplicable al responsable del tractament.<\/span><\/td><td><span style=\"font-weight: 400;\">Ag\u00e8ncia Espanyola de Protecci\u00f3 de Dades<\/span><\/td><td><span style=\"font-weight: 400;\">El propi interessat El propi interessat i\/o el seu representant legal.<\/span><\/td><td><span style=\"font-weight: 400;\">Dades Identificatives (Nom i cognoms, adre\u00e7a, signatura i tel\u00e8fon)<\/span><\/td><\/tr><\/tbody><\/table><p><b>\u00daS PER PART DE MENORS.<\/b> <span style=\"font-weight: 400;\">Els serveis i\/o productes facilitats a trav\u00e9s d&#8217;aquesta web no estan dirigits a persones menors d&#8217;edat. No es recolliran les dades quan ens consti que es tracta de dades de menors de 14 anys.<\/span> <b>TRANSFER\u00c8NCIA INTERNACIONAL DE DADES: <\/b><span style=\"font-weight: 400;\">No es realitzen transfer\u00e8ncies internacionals de dades a pa\u00efsos fora de l&#8217;espai econ\u00f2mic europeu<\/span> <b>ELABORACI\u00d3 DE PERFILS:<\/b><span style=\"font-weight: 400;\"> No es realitzen elaboraci\u00f3 de perfils.<\/span> <b>SEGURETAT:<\/b> <span style=\"font-weight: 400;\">CORCEGA BUSINESS CENTER, S.L. ha implementat les mesures de seguretat administratives, t\u00e8cniques i f\u00edsiques adequades per a evitar l&#8217;acc\u00e9s, \u00fas, modificaci\u00f3, divulgaci\u00f3 o destrucci\u00f3 no autoritzats de la informaci\u00f3 facilitada pels nostres usuaris\/as. En concret:<\/span><\/p><ul><li style=\"font-weight: 400;\"><span style=\"font-weight: 400;\">Administratives:\u00a0<\/span><\/li><\/ul><ul><li style=\"list-style-type: none;\"><ul><li style=\"list-style-type: none;\"><ul><li style=\"font-weight: 400;\"><span style=\"font-weight: 400;\">Tant el personal laboral, com els prove\u00efdors de serveis signen un acord de confidencialitat<\/span><\/li><\/ul><\/li><\/ul><\/li><\/ul><ul><li style=\"font-weight: 400;\"><span style=\"font-weight: 400;\">T\u00e8cniques:<\/span><\/li><\/ul><ul><li style=\"list-style-type: none;\"><ul><li style=\"list-style-type: none;\"><ul><li style=\"font-weight: 400;\"><span style=\"font-weight: 400;\">Les dades personals recopilades electr\u00f2nicament s&#8217;emmagatzemen xitratges i estan protegits per contrasenya. <\/span><\/li><li style=\"font-weight: 400;\"><span style=\"font-weight: 400;\">Tota la transmissi\u00f3 de dades als serveis de CORCEGA BUSINESS CENTER, S.L. s&#8217;encripta.<\/span><\/li><li style=\"font-weight: 400;\"><span style=\"font-weight: 400;\">Es realitza una c\u00f2pia de seguretat peri\u00f2dica de les dades dels usuaris en diversos servidors, la qual cosa ajuda a protegir les dades en cas que es produeixi una fallada en el maquinari o un desastre.<\/span><\/li><\/ul><\/li><\/ul><\/li><\/ul><ul><li style=\"font-weight: 400;\"><span style=\"font-weight: 400;\">F\u00edsiques:<\/span><\/li><\/ul><ul><li style=\"list-style-type: none;\"><ul><li style=\"list-style-type: none;\"><ul><li style=\"font-weight: 400;\"><span style=\"font-weight: 400;\">Els nostres sistemes inform\u00e0tics estan situats en \u00e0rees restringides. Nom\u00e9s permetem que el personal autoritzat accedeixi a les dades personals.<\/span><\/li><\/ul><\/li><\/ul><\/li><\/ul><p><b>DRETS: Quins s\u00f3n els seus drets quan ens facilita les seves dades?<\/b> <span style=\"font-weight: 400;\">A continuaci\u00f3, l&#8217;empresa l&#8217;informa de t\u00e9 dret a:<\/span><\/p><ul><li style=\"font-weight: 400;\"><span style=\"font-weight: 400;\">Accedir a les seves dades personals i obtenir informaci\u00f3 sobre com s&#8217;estan tractant. <\/span><\/li><li style=\"font-weight: 400;\"><span style=\"font-weight: 400;\">Sol\u00b7licitar la rectificaci\u00f3 de les dades inexactes.<\/span><\/li><li style=\"font-weight: 400;\"><span style=\"font-weight: 400;\">Sol\u00b7licitar la supressi\u00f3 de les dades quan, entre altres motius, les dades ja no siguin necessaris per als fins per als quals van ser recaptats.<\/span><\/li><li style=\"font-weight: 400;\"><span style=\"font-weight: 400;\">Oposar-se, en qualsevol moment, al tractament de les seves dades i l&#8217;empresa deixar\u00e0 de tractar les dades, excepte per motius leg\u00edtims imperiosos o per a garantir la defensa davant possibles reclamacions.<\/span><\/li><li style=\"font-weight: 400;\"><span style=\"font-weight: 400;\">Sol\u00b7licitar el dret de portabilitat i obtenir per a si mateix o per a un altre prestador de serveis determinada informaci\u00f3 sobre la seva persona.<\/span><\/li><li style=\"font-weight: 400;\"><span style=\"font-weight: 400;\">En determinades circumst\u00e0ncies, podr\u00e0 sol\u00b7licitar la limitaci\u00f3 del tractament de les seves dades, i en aquest cas l&#8217;empresa \u00fanicament els conservar\u00e0 per a l&#8217;exercici o defensa de les possibles reclamacions.<\/span><\/li><li style=\"font-weight: 400;\"><span style=\"font-weight: 400;\">Retirar el consentiment en qualsevol moment, sense que aix\u00f2 afecti la licitud del tractament basat en el consentiment previ a la seva retirada.<\/span><\/li><\/ul><p><span style=\"font-weight: 400;\">Per a exercir tals drets han d&#8217;escriure al correu electr\u00f2nic a info@businesscenters.cat<\/span> <span style=\"font-weight: 400;\">S&#8217;exigeix acreditar la identitat de la persona que exerceix els seus drets, mitjan\u00e7ant l&#8217;enviament de c\u00f2pia de DNI, NIE, passaport o document equivalent, per les dues cares.<\/span> <span style=\"font-weight: 400;\">L&#8217;empresa li facilitar\u00e0 la informaci\u00f3 en el termini m\u00e0xim d&#8217;un mes a partir de la recepci\u00f3 de la sol\u00b7licitud. Aquest termini podr\u00e0 prorrogar-se dos mesos en cas necessari, tenint en compte la complexitat i el nombre de sol\u00b7licituds.<\/span> <span style=\"font-weight: 400;\">Vost\u00e8 podr\u00e0 presentar reclamaci\u00f3 davant l&#8217;Autoritat de Control competent en mat\u00e8ria de protecci\u00f3 de dades. No obstant aix\u00f2, en primera inst\u00e0ncia, podr\u00e0 presentar reclamaci\u00f3 davant el Delegat de Protecci\u00f3 de Dades, en el cas que hagu\u00e9s estat designat, qui resoldr\u00e0 la reclamaci\u00f3 en el termini m\u00e0xim de dos mesos.<\/span> <span style=\"font-weight: 400;\">Per a obtenir informaci\u00f3 addicional sobre els seus drets visiti la p\u00e0gina Web de l&#8217;Ag\u00e8ncia Espanyola de Protecci\u00f3 de Dades (<\/span><a href=\"https:\/\/www.agpd.es\/\"><span style=\"font-weight: 400;\">https:\/\/www.agpd.es\/<\/span><\/a><span style=\"font-weight: 400;\">).\u00a0<\/span><\/p>\t\t\t\t\t\t\t\t<\/div>\n\t\t\t\t<\/div>\n\t\t\t\t\t<\/div>\n\t\t<\/div>\n\t\t\t\t\t<\/div>\n\t\t<\/section>\n\t\t\t\t<\/div>\n\t\t","protected":false},"excerpt":{"rendered":"<p>INFORMACI\u00d3 ADDICIONAL SOBRE LA PROTECCI\u00d3 DE DADES \u2013 Pol\u00edtica DE PRIVACITAT: RESPONSABLE: Qui \u00e9s el Responsable del tractament de les seves dades? Identitat: CORCEGA BUSINESS CENTER, S.L. \u2013 CIF: B62028899 Adre\u00e7a Postal: Passeig de Gr\u00e0cia N\u00fam. 12 &#8211; 1r,08007 Barcelona Tel\u00e8fon: 93 238 67 10 &#8211; Correu electr\u00f2nic: info@businesscenters.cat Identidad: CORCEGA BUSINESS CENTER, S.L. \u2013 [&hellip;]<\/p>\n","protected":false},"author":1,"featured_media":0,"parent":0,"menu_order":0,"comment_status":"closed","ping_status":"open","template":"","meta":{"site-sidebar-layout":"no-sidebar","site-content-layout":"page-builder","ast-site-content-layout":"","site-content-style":"default","site-sidebar-style":"default","ast-global-header-display":"","ast-banner-title-visibility":"","ast-main-header-display":"","ast-hfb-above-header-display":"","ast-hfb-below-header-display":"","ast-hfb-mobile-header-display":"","site-post-title":"disabled","ast-breadcrumbs-content":"","ast-featured-img":"disabled","footer-sml-layout":"","theme-transparent-header-meta":"default","adv-header-id-meta":"","stick-header-meta":"","header-above-stick-meta":"","header-main-stick-meta":"","header-below-stick-meta":"","astra-migrate-meta-layouts":"default","ast-page-background-enabled":"default","ast-page-background-meta":{"desktop":{"background-color":"","background-image":"","background-repeat":"repeat","background-position":"center center","background-size":"auto","background-attachment":"scroll","background-type":"","background-media":"","overlay-type":"","overlay-color":"","overlay-gradient":""},"tablet":{"background-color":"","background-image":"","background-repeat":"repeat","background-position":"center center","background-size":"auto","background-attachment":"scroll","background-type":"","background-media":"","overlay-type":"","overlay-color":"","overlay-gradient":""},"mobile":{"background-color":"","background-image":"","background-repeat":"repeat","background-position":"center center","background-size":"auto","background-attachment":"scroll","background-type":"","background-media":"","overlay-type":"","overlay-color":"","overlay-gradient":""}},"ast-content-background-meta":{"desktop":{"background-color":"var(--ast-global-color-5)","background-image":"","background-repeat":"repeat","background-position":"center center","background-size":"auto","background-attachment":"scroll","background-type":"","background-media":"","overlay-type":"","overlay-color":"","overlay-gradient":""},"tablet":{"background-color":"var(--ast-global-color-5)","background-image":"","background-repeat":"repeat","background-position":"center center","background-size":"auto","background-attachment":"scroll","background-type":"","background-media":"","overlay-type":"","overlay-color":"","overlay-gradient":""},"mobile":{"background-color":"var(--ast-global-color-5)","background-image":"","background-repeat":"repeat","background-position":"center center","background-size":"auto","background-attachment":"scroll","background-type":"","background-media":"","overlay-type":"","overlay-color":"","overlay-gradient":""}},"_joinchat":[],"footnotes":""},"class_list":["post-1814","page","type-page","status-publish","hentry"],"yoast_head":"<!-- This site is optimized with the Yoast SEO plugin v24.8.1 - https:\/\/yoast.com\/wordpress\/plugins\/seo\/ -->\n<title>Pol\u00edtica de Privacitat | Business Centers Barcelona<\/title>\n<meta name=\"description\" content=\"En aquesta p\u00e0gina trobar\u00e0s la pol\u00edtica de privacitat que utilitzem al web businesscenters.cat, centre de negocis a Barcelona.\" \/>\n<meta name=\"robots\" content=\"noindex, nofollow\" \/>\n<meta property=\"og:locale\" content=\"ca_ES\" \/>\n<meta property=\"og:type\" content=\"article\" \/>\n<meta property=\"og:title\" content=\"Pol\u00edtica de Privacitat | Business Centers Barcelona\" \/>\n<meta property=\"og:description\" content=\"En aquesta p\u00e0gina trobar\u00e0s la pol\u00edtica de privacitat que utilitzem al web businesscenters.cat, centre de negocis a Barcelona.\" \/>\n<meta property=\"og:url\" content=\"https:\/\/businesscenters.cat\/ca\/politica-de-privacitat\/\" \/>\n<meta property=\"og:site_name\" content=\"Business Centers Barcelona\" \/>\n<meta property=\"article:modified_time\" content=\"2021-03-22T09:54:05+00:00\" \/>\n<meta name=\"twitter:card\" content=\"summary_large_image\" \/>\n<meta name=\"twitter:label1\" content=\"Temps estimat de lectura\" \/>\n\t<meta name=\"twitter:data1\" content=\"7 minuts\" \/>\n<script type=\"application\/ld+json\" class=\"yoast-schema-graph\">{\"@context\":\"https:\/\/schema.org\",\"@graph\":[{\"@type\":\"WebPage\",\"@id\":\"https:\/\/businesscenters.cat\/ca\/politica-de-privacitat\/\",\"url\":\"https:\/\/businesscenters.cat\/ca\/politica-de-privacitat\/\",\"name\":\"Pol\u00edtica de Privacitat | Business Centers Barcelona\",\"isPartOf\":{\"@id\":\"https:\/\/businesscenters.cat\/ca\/#website\"},\"datePublished\":\"2019-06-13T10:14:31+00:00\",\"dateModified\":\"2021-03-22T09:54:05+00:00\",\"description\":\"En aquesta p\u00e0gina trobar\u00e0s la pol\u00edtica de privacitat que utilitzem al web businesscenters.cat, centre de negocis a Barcelona.\",\"breadcrumb\":{\"@id\":\"https:\/\/businesscenters.cat\/ca\/politica-de-privacitat\/#breadcrumb\"},\"inLanguage\":\"ca\",\"potentialAction\":[{\"@type\":\"ReadAction\",\"target\":[\"https:\/\/businesscenters.cat\/ca\/politica-de-privacitat\/\"]}]},{\"@type\":\"BreadcrumbList\",\"@id\":\"https:\/\/businesscenters.cat\/ca\/politica-de-privacitat\/#breadcrumb\",\"itemListElement\":[{\"@type\":\"ListItem\",\"position\":1,\"name\":\"Portada\",\"item\":\"https:\/\/businesscenters.cat\/ca\/\"},{\"@type\":\"ListItem\",\"position\":2,\"name\":\"Pol\u00edtica de Privacitat\"}]},{\"@type\":\"WebSite\",\"@id\":\"https:\/\/businesscenters.cat\/ca\/#website\",\"url\":\"https:\/\/businesscenters.cat\/ca\/\",\"name\":\"Business Centers Barcelona\",\"description\":\"Alquiler de oficinas, despachos y coworking en el centro de Barcelona\",\"publisher\":{\"@id\":\"https:\/\/businesscenters.cat\/ca\/#organization\"},\"potentialAction\":[{\"@type\":\"SearchAction\",\"target\":{\"@type\":\"EntryPoint\",\"urlTemplate\":\"https:\/\/businesscenters.cat\/ca\/?s={search_term_string}\"},\"query-input\":{\"@type\":\"PropertyValueSpecification\",\"valueRequired\":true,\"valueName\":\"search_term_string\"}}],\"inLanguage\":\"ca\"},{\"@type\":\"Organization\",\"@id\":\"https:\/\/businesscenters.cat\/ca\/#organization\",\"name\":\"Business Centers Barcelona\",\"url\":\"https:\/\/businesscenters.cat\/ca\/\",\"logo\":{\"@type\":\"ImageObject\",\"inLanguage\":\"ca\",\"@id\":\"https:\/\/businesscenters.cat\/ca\/#\/schema\/logo\/image\/\",\"url\":\"https:\/\/businesscenters.cat\/wp-content\/uploads\/2018\/09\/business-logo-w.png\",\"contentUrl\":\"https:\/\/businesscenters.cat\/wp-content\/uploads\/2018\/09\/business-logo-w.png\",\"width\":250,\"height\":105,\"caption\":\"Business Centers Barcelona\"},\"image\":{\"@id\":\"https:\/\/businesscenters.cat\/ca\/#\/schema\/logo\/image\/\"}}]}<\/script>\n<!-- \/ Yoast SEO plugin. -->","yoast_head_json":{"title":"Pol\u00edtica de Privacitat | Business Centers Barcelona","description":"En aquesta p\u00e0gina trobar\u00e0s la pol\u00edtica de privacitat que utilitzem al web businesscenters.cat, centre de negocis a Barcelona.","robots":{"index":"noindex","follow":"nofollow"},"og_locale":"ca_ES","og_type":"article","og_title":"Pol\u00edtica de Privacitat | Business Centers Barcelona","og_description":"En aquesta p\u00e0gina trobar\u00e0s la pol\u00edtica de privacitat que utilitzem al web businesscenters.cat, centre de negocis a Barcelona.","og_url":"https:\/\/businesscenters.cat\/ca\/politica-de-privacitat\/","og_site_name":"Business Centers Barcelona","article_modified_time":"2021-03-22T09:54:05+00:00","twitter_card":"summary_large_image","twitter_misc":{"Temps estimat de lectura":"7 minuts"},"schema":{"@context":"https:\/\/schema.org","@graph":[{"@type":"WebPage","@id":"https:\/\/businesscenters.cat\/ca\/politica-de-privacitat\/","url":"https:\/\/businesscenters.cat\/ca\/politica-de-privacitat\/","name":"Pol\u00edtica de Privacitat | Business Centers Barcelona","isPartOf":{"@id":"https:\/\/businesscenters.cat\/ca\/#website"},"datePublished":"2019-06-13T10:14:31+00:00","dateModified":"2021-03-22T09:54:05+00:00","description":"En aquesta p\u00e0gina trobar\u00e0s la pol\u00edtica de privacitat que utilitzem al web businesscenters.cat, centre de negocis a Barcelona.","breadcrumb":{"@id":"https:\/\/businesscenters.cat\/ca\/politica-de-privacitat\/#breadcrumb"},"inLanguage":"ca","potentialAction":[{"@type":"ReadAction","target":["https:\/\/businesscenters.cat\/ca\/politica-de-privacitat\/"]}]},{"@type":"BreadcrumbList","@id":"https:\/\/businesscenters.cat\/ca\/politica-de-privacitat\/#breadcrumb","itemListElement":[{"@type":"ListItem","position":1,"name":"Portada","item":"https:\/\/businesscenters.cat\/ca\/"},{"@type":"ListItem","position":2,"name":"Pol\u00edtica de Privacitat"}]},{"@type":"WebSite","@id":"https:\/\/businesscenters.cat\/ca\/#website","url":"https:\/\/businesscenters.cat\/ca\/","name":"Business Centers Barcelona","description":"Alquiler de oficinas, despachos y coworking en el centro de Barcelona","publisher":{"@id":"https:\/\/businesscenters.cat\/ca\/#organization"},"potentialAction":[{"@type":"SearchAction","target":{"@type":"EntryPoint","urlTemplate":"https:\/\/businesscenters.cat\/ca\/?s={search_term_string}"},"query-input":{"@type":"PropertyValueSpecification","valueRequired":true,"valueName":"search_term_string"}}],"inLanguage":"ca"},{"@type":"Organization","@id":"https:\/\/businesscenters.cat\/ca\/#organization","name":"Business Centers Barcelona","url":"https:\/\/businesscenters.cat\/ca\/","logo":{"@type":"ImageObject","inLanguage":"ca","@id":"https:\/\/businesscenters.cat\/ca\/#\/schema\/logo\/image\/","url":"https:\/\/businesscenters.cat\/wp-content\/uploads\/2018\/09\/business-logo-w.png","contentUrl":"https:\/\/businesscenters.cat\/wp-content\/uploads\/2018\/09\/business-logo-w.png","width":250,"height":105,"caption":"Business Centers Barcelona"},"image":{"@id":"https:\/\/businesscenters.cat\/ca\/#\/schema\/logo\/image\/"}}]}},"_links":{"self":[{"href":"https:\/\/businesscenters.cat\/ca\/wp-json\/wp\/v2\/pages\/1814","targetHints":{"allow":["GET"]}}],"collection":[{"href":"https:\/\/businesscenters.cat\/ca\/wp-json\/wp\/v2\/pages"}],"about":[{"href":"https:\/\/businesscenters.cat\/ca\/wp-json\/wp\/v2\/types\/page"}],"author":[{"embeddable":true,"href":"https:\/\/businesscenters.cat\/ca\/wp-json\/wp\/v2\/users\/1"}],"replies":[{"embeddable":true,"href":"https:\/\/businesscenters.cat\/ca\/wp-json\/wp\/v2\/comments?post=1814"}],"version-history":[{"count":0,"href":"https:\/\/businesscenters.cat\/ca\/wp-json\/wp\/v2\/pages\/1814\/revisions"}],"wp:attachment":[{"href":"https:\/\/businesscenters.cat\/ca\/wp-json\/wp\/v2\/media?parent=1814"}],"curies":[{"name":"wp","href":"https:\/\/api.w.org\/{rel}","templated":true}]}}